{"id":3098,"date":"2024-06-15T18:45:31","date_gmt":"2024-06-15T18:45:31","guid":{"rendered":"https:\/\/www.iscap.pt\/streeartcei\/?page_id=3098"},"modified":"2024-09-06T10:50:59","modified_gmt":"2024-09-06T10:50:59","slug":"on-the-news-teste","status":"publish","type":"page","link":"https:\/\/streetartcei.com\/en\/on-the-news-teste\/","title":{"rendered":"On the news"},"content":{"rendered":"<div data-elementor-type=\"wp-page\" data-elementor-id=\"3098\" class=\"elementor elementor-3098\" data-elementor-post-type=\"page\">\n\t\t\t\t<div class=\"elementor-element elementor-element-ae9d967 e-flex e-con-boxed e-con e-parent\" data-id=\"ae9d967\" data-element_type=\"container\" data-e-type=\"container\">\n\t\t\t\t\t<div class=\"e-con-inner\">\n\t\t\t\t<div class=\"elementor-element elementor-element-fcbb931 elementor-posts--align-left elementor-grid-3 elementor-grid-tablet-2 elementor-grid-mobile-1 elementor-posts--thumbnail-top elementor-widget elementor-widget-posts\" data-id=\"fcbb931\" data-element_type=\"widget\" data-e-type=\"widget\" data-settings=\"{&quot;pagination_type&quot;:&quot;numbers&quot;,&quot;classic_columns&quot;:&quot;3&quot;,&quot;classic_columns_tablet&quot;:&quot;2&quot;,&quot;classic_columns_mobile&quot;:&quot;1&quot;,&quot;classic_row_gap&quot;:{&quot;unit&quot;:&quot;px&quot;,&quot;size&quot;:35,&quot;sizes&quot;:[]},&quot;classic_row_gap_tablet&quot;:{&quot;unit&quot;:&quot;px&quot;,&quot;size&quot;:&quot;&quot;,&quot;sizes&quot;:[]},&quot;classic_row_gap_mobile&quot;:{&quot;unit&quot;:&quot;px&quot;,&quot;size&quot;:&quot;&quot;,&quot;sizes&quot;:[]}}\" data-widget_type=\"posts.classic\">\n\t\t\t\t<div class=\"elementor-widget-container\">\n\t\t\t\t\t\t\t<div class=\"elementor-posts-container elementor-posts elementor-posts--skin-classic elementor-grid\" role=\"list\">\n\t\t\t\t<article class=\"elementor-post elementor-grid-item post-965 post type-post status-publish format-standard has-post-thumbnail hentry category-clipping\" role=\"listitem\">\n\t\t\t\t<a class=\"elementor-post__thumbnail__link\" href=\"https:\/\/streetartcei.com\/en\/publico-projeto-street-art-cei-na-iniciativa-patrimonio-inclusivo-e-diversificado\/\" tabindex=\"-1\" target=\"&quot;_blank&quot;\">\n\t\t\t<div class=\"elementor-post__thumbnail\"><img fetchpriority=\"high\" decoding=\"async\" width=\"768\" height=\"235\" src=\"https:\/\/streetartcei.com\/wp-content\/uploads\/2021\/09\/News29-768x235.png\" class=\"attachment-medium_large size-medium_large wp-image-963\" alt=\"News29\" srcset=\"https:\/\/streetartcei.com\/wp-content\/uploads\/2021\/09\/News29-768x235.png 768w, https:\/\/streetartcei.com\/wp-content\/uploads\/2021\/09\/News29-300x92.png 300w, https:\/\/streetartcei.com\/wp-content\/uploads\/2021\/09\/News29-1024x313.png 1024w, https:\/\/streetartcei.com\/wp-content\/uploads\/2021\/09\/News29.PNG 1496w\" sizes=\"(max-width: 709px) 85vw, (max-width: 909px) 67vw, (max-width: 984px) 61vw, (max-width: 1362px) 45vw, 600px\" \/><\/div>\n\t\t<\/a>\n\t\t\t\t<div class=\"elementor-post__text\">\n\t\t\t\t<h3 class=\"elementor-post__title\">\n\t\t\t<a href=\"https:\/\/streetartcei.com\/en\/publico-projeto-street-art-cei-na-iniciativa-patrimonio-inclusivo-e-diversificado\/\" target=\"&quot;_blank&quot;\">\n\t\t\t\tP\u00fablico | Projeto Street Art CEI nas Jornadas Europeias do Patrim\u00f3nio\t\t\t<\/a>\n\t\t<\/h3>\n\t\t\t\t<div class=\"elementor-post__meta-data\">\n\t\t\t\t\t<span class=\"elementor-post-date\">\n\t\t\t23 de September, 2021\t\t<\/span>\n\t\t\t\t<\/div>\n\t\t\t\t<\/div>\n\t\t\t\t<\/article>\n\t\t\t\t<article class=\"elementor-post elementor-grid-item post-950 post type-post status-publish format-standard has-post-thumbnail hentry category-clipping\" role=\"listitem\">\n\t\t\t\t<a class=\"elementor-post__thumbnail__link\" href=\"https:\/\/streetartcei.com\/en\/p-porto-tv-projeto-street-art-cei-entrevista-com-clara-sarmento\/\" tabindex=\"-1\" target=\"&quot;_blank&quot;\">\n\t\t\t<div class=\"elementor-post__thumbnail\"><img decoding=\"async\" width=\"768\" height=\"412\" src=\"https:\/\/streetartcei.com\/wp-content\/uploads\/2021\/06\/Captura-de-ecra-2024-09-06-115238-768x412.png\" class=\"attachment-medium_large size-medium_large wp-image-14353\" alt=\"\" srcset=\"https:\/\/streetartcei.com\/wp-content\/uploads\/2021\/06\/Captura-de-ecra-2024-09-06-115238-768x412.png 768w, https:\/\/streetartcei.com\/wp-content\/uploads\/2021\/06\/Captura-de-ecra-2024-09-06-115238-300x161.png 300w, https:\/\/streetartcei.com\/wp-content\/uploads\/2021\/06\/Captura-de-ecra-2024-09-06-115238.png 815w\" sizes=\"(max-width: 709px) 85vw, (max-width: 909px) 67vw, (max-width: 984px) 61vw, (max-width: 1362px) 45vw, 600px\" \/><\/div>\n\t\t<\/a>\n\t\t\t\t<div class=\"elementor-post__text\">\n\t\t\t\t<h3 class=\"elementor-post__title\">\n\t\t\t<a href=\"https:\/\/streetartcei.com\/en\/p-porto-tv-projeto-street-art-cei-entrevista-com-clara-sarmento\/\" target=\"&quot;_blank&quot;\">\n\t\t\t\tP.PORTO TV | Projeto Street Art CEI  &#8211; Entrevista com Clara Sarmento\t\t\t<\/a>\n\t\t<\/h3>\n\t\t\t\t<div class=\"elementor-post__meta-data\">\n\t\t\t\t\t<span class=\"elementor-post-date\">\n\t\t\t17 de June, 2021\t\t<\/span>\n\t\t\t\t<\/div>\n\t\t\t\t<\/div>\n\t\t\t\t<\/article>\n\t\t\t\t<article class=\"elementor-post elementor-grid-item post-848 post type-post status-publish format-standard has-post-thumbnail hentry category-clipping\" role=\"listitem\">\n\t\t\t\t<a class=\"elementor-post__thumbnail__link\" href=\"https:\/\/streetartcei.com\/en\/streetartcei-e-street-art-against-covid-no-programa-a-conversar-e-que-podemos-mudar-a-educacao-do-observador\/\" tabindex=\"-1\" target=\"&quot;_blank&quot;\">\n\t\t\t<div class=\"elementor-post__thumbnail\"><img decoding=\"async\" width=\"600\" height=\"342\" src=\"https:\/\/streetartcei.com\/wp-content\/uploads\/2020\/10\/news28_podcast_observador.png\" class=\"attachment-medium_large size-medium_large wp-image-847\" alt=\"news28 podcast observador\" srcset=\"https:\/\/streetartcei.com\/wp-content\/uploads\/2020\/10\/news28_podcast_observador.png 600w, https:\/\/streetartcei.com\/wp-content\/uploads\/2020\/10\/news28_podcast_observador-300x171.png 300w\" sizes=\"(max-width: 709px) 85vw, (max-width: 909px) 67vw, (max-width: 984px) 61vw, (max-width: 1362px) 45vw, 600px\" \/><\/div>\n\t\t<\/a>\n\t\t\t\t<div class=\"elementor-post__text\">\n\t\t\t\t<h3 class=\"elementor-post__title\">\n\t\t\t<a href=\"https:\/\/streetartcei.com\/en\/streetartcei-e-street-art-against-covid-no-programa-a-conversar-e-que-podemos-mudar-a-educacao-do-observador\/\" target=\"&quot;_blank&quot;\">\n\t\t\t\t&#8220;StreetArtCEI&#8221; e &#8220;Street Art Against COVID&#8221; no programa \u201cA conversar \u00e9 que podemos mudar a educa\u00e7\u00e3o\u201d do Observador\t\t\t<\/a>\n\t\t<\/h3>\n\t\t\t\t<div class=\"elementor-post__meta-data\">\n\t\t\t\t\t<span class=\"elementor-post-date\">\n\t\t\t12 de October, 2020\t\t<\/span>\n\t\t\t\t<\/div>\n\t\t\t\t<\/div>\n\t\t\t\t<\/article>\n\t\t\t\t<article class=\"elementor-post elementor-grid-item post-763 post type-post status-publish format-standard has-post-thumbnail hentry category-clipping\" role=\"listitem\">\n\t\t\t\t<a class=\"elementor-post__thumbnail__link\" href=\"https:\/\/streetartcei.com\/en\/cei-integra-o-projeto-o-direito-a-cidade-entre-street-art-e-lei\/\" tabindex=\"-1\" target=\"&quot;_blank&quot;\">\n\t\t\t<div class=\"elementor-post__thumbnail\"><img loading=\"lazy\" decoding=\"async\" width=\"600\" height=\"505\" src=\"https:\/\/streetartcei.com\/wp-content\/uploads\/2020\/01\/news26.png\" class=\"attachment-medium_large size-medium_large wp-image-762\" alt=\"news26\" srcset=\"https:\/\/streetartcei.com\/wp-content\/uploads\/2020\/01\/news26.png 600w, https:\/\/streetartcei.com\/wp-content\/uploads\/2020\/01\/news26-300x253.png 300w\" sizes=\"(max-width: 709px) 85vw, (max-width: 909px) 67vw, (max-width: 984px) 61vw, (max-width: 1362px) 45vw, 600px\" \/><\/div>\n\t\t<\/a>\n\t\t\t\t<div class=\"elementor-post__text\">\n\t\t\t\t<h3 class=\"elementor-post__title\">\n\t\t\t<a href=\"https:\/\/streetartcei.com\/en\/cei-integra-o-projeto-o-direito-a-cidade-entre-street-art-e-lei\/\" target=\"&quot;_blank&quot;\">\n\t\t\t\tCEI integra o Projeto \u201cO Direito \u00e0 Cidade \u2013 Entre Street Art e Lei\u201d\t\t\t<\/a>\n\t\t<\/h3>\n\t\t\t\t<div class=\"elementor-post__meta-data\">\n\t\t\t\t\t<span class=\"elementor-post-date\">\n\t\t\t13 de January, 2020\t\t<\/span>\n\t\t\t\t<\/div>\n\t\t\t\t<\/div>\n\t\t\t\t<\/article>\n\t\t\t\t<article class=\"elementor-post elementor-grid-item post-378 post type-post status-publish format-standard has-post-thumbnail hentry category-clipping\" role=\"listitem\">\n\t\t\t\t<a class=\"elementor-post__thumbnail__link\" href=\"https:\/\/streetartcei.com\/en\/apresentacao-do-projeto-streetartcei-na-esmad\/\" tabindex=\"-1\" target=\"&quot;_blank&quot;\">\n\t\t\t<div class=\"elementor-post__thumbnail\"><img loading=\"lazy\" decoding=\"async\" width=\"600\" height=\"339\" src=\"https:\/\/streetartcei.com\/wp-content\/uploads\/2019\/06\/news27.png\" class=\"attachment-medium_large size-medium_large wp-image-377\" alt=\"news23\" srcset=\"https:\/\/streetartcei.com\/wp-content\/uploads\/2019\/06\/news27.png 600w, https:\/\/streetartcei.com\/wp-content\/uploads\/2019\/06\/news27-300x170.png 300w\" sizes=\"(max-width: 709px) 85vw, (max-width: 909px) 67vw, (max-width: 984px) 61vw, (max-width: 1362px) 45vw, 600px\" \/><\/div>\n\t\t<\/a>\n\t\t\t\t<div class=\"elementor-post__text\">\n\t\t\t\t<h3 class=\"elementor-post__title\">\n\t\t\t<a href=\"https:\/\/streetartcei.com\/en\/apresentacao-do-projeto-streetartcei-na-esmad\/\" target=\"&quot;_blank&quot;\">\n\t\t\t\tApresenta\u00e7\u00e3o do projeto StreetArtCEI na ESMAD\t\t\t<\/a>\n\t\t<\/h3>\n\t\t\t\t<div class=\"elementor-post__meta-data\">\n\t\t\t\t\t<span class=\"elementor-post-date\">\n\t\t\t5 de June, 2019\t\t<\/span>\n\t\t\t\t<\/div>\n\t\t\t\t<\/div>\n\t\t\t\t<\/article>\n\t\t\t\t<article class=\"elementor-post elementor-grid-item post-376 post type-post status-publish format-standard has-post-thumbnail hentry category-clipping\" role=\"listitem\">\n\t\t\t\t<a class=\"elementor-post__thumbnail__link\" href=\"https:\/\/streetartcei.com\/en\/streetartcei-no-programa-n-agenda-do-porto-canal\/\" tabindex=\"-1\" target=\"&quot;_blank&quot;\">\n\t\t\t<div class=\"elementor-post__thumbnail\"><img loading=\"lazy\" decoding=\"async\" width=\"768\" height=\"434\" src=\"https:\/\/streetartcei.com\/wp-content\/uploads\/2019\/04\/rtp_street_20_04_2019-768x434.png\" class=\"attachment-medium_large size-medium_large wp-image-375\" alt=\"news26\" srcset=\"https:\/\/streetartcei.com\/wp-content\/uploads\/2019\/04\/rtp_street_20_04_2019-768x434.png 768w, https:\/\/streetartcei.com\/wp-content\/uploads\/2019\/04\/rtp_street_20_04_2019-300x169.png 300w, https:\/\/streetartcei.com\/wp-content\/uploads\/2019\/04\/rtp_street_20_04_2019.png 1024w\" sizes=\"(max-width: 709px) 85vw, (max-width: 909px) 67vw, (max-width: 984px) 61vw, (max-width: 1362px) 45vw, 600px\" \/><\/div>\n\t\t<\/a>\n\t\t\t\t<div class=\"elementor-post__text\">\n\t\t\t\t<h3 class=\"elementor-post__title\">\n\t\t\t<a href=\"https:\/\/streetartcei.com\/en\/streetartcei-no-programa-n-agenda-do-porto-canal\/\" target=\"&quot;_blank&quot;\">\n\t\t\t\tStreetArtCEI no programa N&#8217;Agenda do Porto Canal\t\t\t<\/a>\n\t\t<\/h3>\n\t\t\t\t<div class=\"elementor-post__meta-data\">\n\t\t\t\t\t<span class=\"elementor-post-date\">\n\t\t\t27 de April, 2019\t\t<\/span>\n\t\t\t\t<\/div>\n\t\t\t\t<\/div>\n\t\t\t\t<\/article>\n\t\t\t\t<article class=\"elementor-post elementor-grid-item post-337 post type-post status-publish format-standard has-post-thumbnail hentry category-clipping\" role=\"listitem\">\n\t\t\t\t<a class=\"elementor-post__thumbnail__link\" href=\"https:\/\/streetartcei.com\/en\/continente-magazine-96-setembro-2018\/\" tabindex=\"-1\" target=\"&quot;_blank&quot;\">\n\t\t\t<div class=\"elementor-post__thumbnail\"><img loading=\"lazy\" decoding=\"async\" width=\"768\" height=\"796\" src=\"https:\/\/streetartcei.com\/wp-content\/uploads\/2018\/09\/news27.jpg\" class=\"attachment-medium_large size-medium_large wp-image-336\" alt=\"news27\" srcset=\"https:\/\/streetartcei.com\/wp-content\/uploads\/2018\/09\/news27.jpg 768w, https:\/\/streetartcei.com\/wp-content\/uploads\/2018\/09\/news27-289x300.jpg 289w\" sizes=\"(max-width: 709px) 85vw, (max-width: 909px) 67vw, (max-width: 984px) 61vw, (max-width: 1362px) 45vw, 600px\" \/><\/div>\n\t\t<\/a>\n\t\t\t\t<div class=\"elementor-post__text\">\n\t\t\t\t<h3 class=\"elementor-post__title\">\n\t\t\t<a href=\"https:\/\/streetartcei.com\/en\/continente-magazine-96-setembro-2018\/\" target=\"&quot;_blank&quot;\">\n\t\t\t\tContinente Magazine 96, Setembro 2018\t\t\t<\/a>\n\t\t<\/h3>\n\t\t\t\t<div class=\"elementor-post__meta-data\">\n\t\t\t\t\t<span class=\"elementor-post-date\">\n\t\t\t1 de September, 2018\t\t<\/span>\n\t\t\t\t<\/div>\n\t\t\t\t<\/div>\n\t\t\t\t<\/article>\n\t\t\t\t<article class=\"elementor-post elementor-grid-item post-334 post type-post status-publish format-standard has-post-thumbnail hentry category-clipping\" role=\"listitem\">\n\t\t\t\t<a class=\"elementor-post__thumbnail__link\" href=\"https:\/\/streetartcei.com\/en\/rota-de-sao-bento-do-streetartcei-no-jornal-da-tarde-da-rtp1\/\" tabindex=\"-1\" target=\"&quot;_blank&quot;\">\n\t\t\t<div class=\"elementor-post__thumbnail\"><img loading=\"lazy\" decoding=\"async\" width=\"768\" height=\"432\" src=\"https:\/\/streetartcei.com\/wp-content\/uploads\/2018\/08\/cei_RTP-768x432.png\" class=\"attachment-medium_large size-medium_large wp-image-333\" alt=\"cei RTP\" srcset=\"https:\/\/streetartcei.com\/wp-content\/uploads\/2018\/08\/cei_RTP-768x432.png 768w, https:\/\/streetartcei.com\/wp-content\/uploads\/2018\/08\/cei_RTP-300x169.png 300w, https:\/\/streetartcei.com\/wp-content\/uploads\/2018\/08\/cei_RTP-1024x576.png 1024w, https:\/\/streetartcei.com\/wp-content\/uploads\/2018\/08\/cei_RTP.PNG 1282w\" sizes=\"(max-width: 709px) 85vw, (max-width: 909px) 67vw, (max-width: 984px) 61vw, (max-width: 1362px) 45vw, 600px\" \/><\/div>\n\t\t<\/a>\n\t\t\t\t<div class=\"elementor-post__text\">\n\t\t\t\t<h3 class=\"elementor-post__title\">\n\t\t\t<a href=\"https:\/\/streetartcei.com\/en\/rota-de-sao-bento-do-streetartcei-no-jornal-da-tarde-da-rtp1\/\" target=\"&quot;_blank&quot;\">\n\t\t\t\tRota de S\u00e3o Bento do StreetArtCEI no Jornal da Tarde da RTP1\t\t\t<\/a>\n\t\t<\/h3>\n\t\t\t\t<div class=\"elementor-post__meta-data\">\n\t\t\t\t\t<span class=\"elementor-post-date\">\n\t\t\t6 de August, 2018\t\t<\/span>\n\t\t\t\t<\/div>\n\t\t\t\t<\/div>\n\t\t\t\t<\/article>\n\t\t\t\t<article class=\"elementor-post elementor-grid-item post-332 post type-post status-publish format-standard has-post-thumbnail hentry category-clipping\" role=\"listitem\">\n\t\t\t\t<a class=\"elementor-post__thumbnail__link\" href=\"https:\/\/streetartcei.com\/en\/rota-de-vila-do-conde-no-jornal-da-tarde-da-rtp1\/\" tabindex=\"-1\" target=\"&quot;_blank&quot;\">\n\t\t\t<div class=\"elementor-post__thumbnail\"><img loading=\"lazy\" decoding=\"async\" width=\"761\" height=\"738\" src=\"https:\/\/streetartcei.com\/wp-content\/uploads\/2018\/07\/news24.png\" class=\"attachment-medium_large size-medium_large wp-image-331\" alt=\"news24\" srcset=\"https:\/\/streetartcei.com\/wp-content\/uploads\/2018\/07\/news24.png 761w, https:\/\/streetartcei.com\/wp-content\/uploads\/2018\/07\/news24-300x291.png 300w\" sizes=\"(max-width: 709px) 85vw, (max-width: 909px) 67vw, (max-width: 984px) 61vw, (max-width: 1362px) 45vw, 600px\" \/><\/div>\n\t\t<\/a>\n\t\t\t\t<div class=\"elementor-post__text\">\n\t\t\t\t<h3 class=\"elementor-post__title\">\n\t\t\t<a href=\"https:\/\/streetartcei.com\/en\/rota-de-vila-do-conde-no-jornal-da-tarde-da-rtp1\/\" target=\"&quot;_blank&quot;\">\n\t\t\t\tRota de Vila do Conde no Jornal da Tarde da RTP1\t\t\t<\/a>\n\t\t<\/h3>\n\t\t\t\t<div class=\"elementor-post__meta-data\">\n\t\t\t\t\t<span class=\"elementor-post-date\">\n\t\t\t29 de July, 2018\t\t<\/span>\n\t\t\t\t<\/div>\n\t\t\t\t<\/div>\n\t\t\t\t<\/article>\n\t\t\t\t<article class=\"elementor-post elementor-grid-item post-262 post type-post status-publish format-standard has-post-thumbnail hentry category-clipping\" role=\"listitem\">\n\t\t\t\t<a class=\"elementor-post__thumbnail__link\" href=\"https:\/\/streetartcei.com\/en\/rota-da-trindade-do-streetartcei-na-rtp3\/\" tabindex=\"-1\" target=\"&quot;_blank&quot;\">\n\t\t\t<div class=\"elementor-post__thumbnail\"><img loading=\"lazy\" decoding=\"async\" width=\"400\" height=\"210\" src=\"https:\/\/streetartcei.com\/wp-content\/uploads\/2018\/07\/news22.png\" class=\"attachment-medium_large size-medium_large wp-image-261\" alt=\"news22\" srcset=\"https:\/\/streetartcei.com\/wp-content\/uploads\/2018\/07\/news22.png 400w, https:\/\/streetartcei.com\/wp-content\/uploads\/2018\/07\/news22-300x158.png 300w\" sizes=\"(max-width: 400px) 85vw, 400px\" \/><\/div>\n\t\t<\/a>\n\t\t\t\t<div class=\"elementor-post__text\">\n\t\t\t\t<h3 class=\"elementor-post__title\">\n\t\t\t<a href=\"https:\/\/streetartcei.com\/en\/rota-da-trindade-do-streetartcei-na-rtp3\/\" target=\"&quot;_blank&quot;\">\n\t\t\t\tRota da Trindade do StreetArtCei na RTP1\t\t\t<\/a>\n\t\t<\/h3>\n\t\t\t\t<div class=\"elementor-post__meta-data\">\n\t\t\t\t\t<span class=\"elementor-post-date\">\n\t\t\t3 de July, 2018\t\t<\/span>\n\t\t\t\t<\/div>\n\t\t\t\t<\/div>\n\t\t\t\t<\/article>\n\t\t\t\t<article class=\"elementor-post elementor-grid-item post-265 post type-post status-publish format-standard has-post-thumbnail hentry category-clipping\" role=\"listitem\">\n\t\t\t\t<a class=\"elementor-post__thumbnail__link\" href=\"https:\/\/streetartcei.com\/en\/p-porto-iscap-promove-rotas-pelos-graffitis-e-street-art-do-porto\/\" tabindex=\"-1\" target=\"&quot;_blank&quot;\">\n\t\t\t<div class=\"elementor-post__thumbnail\"><img loading=\"lazy\" decoding=\"async\" width=\"768\" height=\"305\" src=\"https:\/\/streetartcei.com\/wp-content\/uploads\/2018\/07\/news23-768x305.png\" class=\"attachment-medium_large size-medium_large wp-image-264\" alt=\"news23\" srcset=\"https:\/\/streetartcei.com\/wp-content\/uploads\/2018\/07\/news23-768x305.png 768w, https:\/\/streetartcei.com\/wp-content\/uploads\/2018\/07\/news23-300x119.png 300w, https:\/\/streetartcei.com\/wp-content\/uploads\/2018\/07\/news23.png 858w\" sizes=\"(max-width: 709px) 85vw, (max-width: 909px) 67vw, (max-width: 984px) 61vw, (max-width: 1362px) 45vw, 600px\" \/><\/div>\n\t\t<\/a>\n\t\t\t\t<div class=\"elementor-post__text\">\n\t\t\t\t<h3 class=\"elementor-post__title\">\n\t\t\t<a href=\"https:\/\/streetartcei.com\/en\/p-porto-iscap-promove-rotas-pelos-graffitis-e-street-art-do-porto\/\" target=\"&quot;_blank&quot;\">\n\t\t\t\tP.Porto: ISCAP promove rotas pelos graffitis e street art do Porto\t\t\t<\/a>\n\t\t<\/h3>\n\t\t\t\t<div class=\"elementor-post__meta-data\">\n\t\t\t\t\t<span class=\"elementor-post-date\">\n\t\t\t3 de July, 2018\t\t<\/span>\n\t\t\t\t<\/div>\n\t\t\t\t<\/div>\n\t\t\t\t<\/article>\n\t\t\t\t<article class=\"elementor-post elementor-grid-item post-257 post type-post status-publish format-standard has-post-thumbnail hentry category-clipping\" role=\"listitem\">\n\t\t\t\t<a class=\"elementor-post__thumbnail__link\" href=\"https:\/\/streetartcei.com\/en\/rota-do-marques-do-streetartcei-no-telejornal-nacional-da-rtp1\/\" tabindex=\"-1\" target=\"&quot;_blank&quot;\">\n\t\t\t<div class=\"elementor-post__thumbnail\"><img loading=\"lazy\" decoding=\"async\" width=\"722\" height=\"665\" src=\"https:\/\/streetartcei.com\/wp-content\/uploads\/2018\/06\/news21-1.png\" class=\"attachment-medium_large size-medium_large wp-image-256\" alt=\"news21 1\" srcset=\"https:\/\/streetartcei.com\/wp-content\/uploads\/2018\/06\/news21-1.png 722w, https:\/\/streetartcei.com\/wp-content\/uploads\/2018\/06\/news21-1-300x276.png 300w\" sizes=\"(max-width: 709px) 85vw, (max-width: 909px) 67vw, (max-width: 984px) 61vw, (max-width: 1362px) 45vw, 600px\" \/><\/div>\n\t\t<\/a>\n\t\t\t\t<div class=\"elementor-post__text\">\n\t\t\t\t<h3 class=\"elementor-post__title\">\n\t\t\t<a href=\"https:\/\/streetartcei.com\/en\/rota-do-marques-do-streetartcei-no-telejornal-nacional-da-rtp1\/\" target=\"&quot;_blank&quot;\">\n\t\t\t\tRota do Marqu\u00eas do StreetArtCei no Telejornal Nacional da RTP1\t\t\t<\/a>\n\t\t<\/h3>\n\t\t\t\t<div class=\"elementor-post__meta-data\">\n\t\t\t\t\t<span class=\"elementor-post-date\">\n\t\t\t1 de June, 2018\t\t<\/span>\n\t\t\t\t<\/div>\n\t\t\t\t<\/div>\n\t\t\t\t<\/article>\n\t\t\t\t<\/div>\n\t\t\n\t\t\t\t<div class=\"e-load-more-anchor\" data-page=\"1\" data-max-page=\"3\" data-next-page=\"https:\/\/streetartcei.com\/en\/wp-json\/wp\/v2\/pages\/3098\/page\/2\/\"><\/div>\n\t\t\t\t<nav class=\"elementor-pagination\" aria-label=\"Pagination\">\n\t\t\t<span aria-current=\"page\" class=\"page-numbers current\"><span class=\"elementor-screen-only\">Page<\/span>1<\/span>\n<a class=\"page-numbers\" href=\"https:\/\/streetartcei.com\/en\/wp-json\/wp\/v2\/pages\/3098\/page\/2\/\"><span class=\"elementor-screen-only\">Page<\/span>2<\/a>\n<a class=\"page-numbers\" href=\"https:\/\/streetartcei.com\/en\/wp-json\/wp\/v2\/pages\/3098\/page\/3\/\"><span class=\"elementor-screen-only\">Page<\/span>3<\/a>\t\t<\/nav>\n\t\t\t\t\t\t<\/div>\n\t\t\t\t<\/div>\n\t\t\t\t\t<\/div>\n\t\t\t\t<\/div>\n\t\t\t\t<\/div>","protected":false},"excerpt":{"rendered":"","protected":false},"author":1,"featured_media":0,"parent":0,"menu_order":0,"comment_status":"closed","ping_status":"closed","template":"","meta":{"_monsterinsights_skip_tracking":false,"_monsterinsights_sitenote_active":false,"_monsterinsights_sitenote_note":"","_monsterinsights_sitenote_category":0,"footnotes":""},"class_list":["post-3098","page","type-page","status-publish","hentry"],"jetpack_sharing_enabled":true,"_links":{"self":[{"href":"https:\/\/streetartcei.com\/en\/wp-json\/wp\/v2\/pages\/3098","targetHints":{"allow":["GET"]}}],"collection":[{"href":"https:\/\/streetartcei.com\/en\/wp-json\/wp\/v2\/pages"}],"about":[{"href":"https:\/\/streetartcei.com\/en\/wp-json\/wp\/v2\/types\/page"}],"author":[{"embeddable":true,"href":"https:\/\/streetartcei.com\/en\/wp-json\/wp\/v2\/users\/1"}],"replies":[{"embeddable":true,"href":"https:\/\/streetartcei.com\/en\/wp-json\/wp\/v2\/comments?post=3098"}],"version-history":[{"count":100,"href":"https:\/\/streetartcei.com\/en\/wp-json\/wp\/v2\/pages\/3098\/revisions"}],"predecessor-version":[{"id":14352,"href":"https:\/\/streetartcei.com\/en\/wp-json\/wp\/v2\/pages\/3098\/revisions\/14352"}],"wp:attachment":[{"href":"https:\/\/streetartcei.com\/en\/wp-json\/wp\/v2\/media?parent=3098"}],"curies":[{"name":"wp","href":"https:\/\/api.w.org\/{rel}","templated":true}]}}