{"id":136,"date":"2017-11-27T21:57:52","date_gmt":"2017-11-27T21:57:52","guid":{"rendered":"https:\/\/www.iscap.pt\/streeartcei\/2017\/11\/27\/investigacao\/"},"modified":"2024-08-02T14:20:51","modified_gmt":"2024-08-02T14:20:51","slug":"investigacao","status":"publish","type":"page","link":"https:\/\/streetartcei.com\/en\/investigacao\/","title":{"rendered":"Research"},"content":{"rendered":"<p>&nbsp;<\/p>\n<table style=\"width: 100%; float: left;\">\n<tbody>\n<tr>\n<td style=\"text-align: left; vertical-align: top;\">\n<p>T\u00edtulo:<span style=\"color: #fe4501;\"><strong>&nbsp;<span style=\"font-size: 12pt;\">\u201cGraffiti e <em>street art<\/em>: Revela\u00e7\u00f5es est\u00e9tica durante a Pandemia. O Projeto Street Art Against COVID<\/span><\/strong><\/span><\/p>\n<p style=\"text-align: justify;\">Autor: <strong>Maria Lu\u00edsa Pinto da Fonseca Silva<\/strong> \u2013 Centro de Estudos Interculturais, Polit\u00e9cnico do Porto.<\/p>\n<p>E-REI: <a href=\"https:\/\/www.iscap.pt\/cei\/e-rei\/pt\/n9vol1.html\" target=\"_blank\" rel=\"noopener\">https:\/\/www.iscap.pt\/cei\/e-rei\/pt\/n9vol1.html<\/a><br \/> <br \/>\nDOI: <a href=\"https:\/\/parc.ipp.pt\/index.php\/e-rei\/issue\/view\/166\" target=\"_blank\" rel=\"noopener\">https:\/\/parc.ipp.pt\/index.php\/e-rei\/issue\/view\/166<\/a><br \/>E-REI &#8211; E-Revista de Estudos Interculturais, vol. 9, n\u00ba 1, Maio 2021. ISSN 2183-3869, ISSN 2182-6439. Indexada na Latindex, RCAAP, ERIHPLUS, NSD, Sherpa Romeo , MIAR , CIRC, SJIF, Scopus E Google Scholar.<\/p>\n<p>&nbsp;<\/p>\n<p>&nbsp;<\/p>\n<\/td>\n<\/tr>\n<\/tbody>\n<\/table>\n<p>T\u00edtulo:<span style=\"color: #fe4501;\"><strong>&nbsp;<span style=\"font-size: 12pt;\">Methodological Proposals and Critical Responses for the Study of Graffiti and Street Art: The project StreetArtCEI<\/span><\/strong><\/span><\/p>\n<p style=\"text-align: justify;\"><span style=\"text-align: left;\">Autor:<\/span><span style=\"text-align: left;\"><\/span><strong>Clara Sarmento<\/strong>&nbsp;<br \/>DOI: <a href=\"https:\/\/doi.org\/10.25765\/sauc.v6i2.240\" target=\"_blank\" rel=\"noopener\">https:\/\/doi.org\/10.25765\/sauc.v6i2.240<\/a><br \/>SAUC \u2013 Street Art &amp; Urban Creativity Scientific Journal, vol. 6, n\u00ba 2, December 2020 (pp. 24-45). ISSN 2183-3869, e-ISSN 2183-9956. Indexada na EBSCO, SCOPUS, NSD, DOAJ.<\/p>\n<p>&nbsp;<\/p>\n<p>&nbsp;<\/p>\n<p>T\u00edtulo:<span style=\"color: #fe4501;\"><strong>&nbsp;<span style=\"font-size: 12pt;\">Popular and Visual Culture: Design, Circulation and Consumption<\/span><\/strong><\/span><\/p>\n<p><img fetchpriority=\"high\" decoding=\"async\" class=\"alignleft size-full wp-image-130\" src=\"https:\/\/www.iscap.pt\/streeartcei\/wp-content\/uploads\/2017\/11\/0126913_popular-and-visual-culture_300.jpeg\" alt=\"0126913 popular and visual culture 300\" style=\"margin-right: 10px; float: left;\" width=\"214\" height=\"300\" \/><\/p>\n<p>&nbsp;<\/p>\n<p>Clara Sarmento e Ricardo Campos<\/p>\n<p><strong>ISBN-13:<\/strong> 978-1-4438-6214-1<\/p>\n<p><strong>ISBN-10:<\/strong> 1-4438-6214-2<\/p>\n<p><strong>Data de publica\u00e7\u00e3o:<\/strong> 01\/09\/2014<\/p>\n<p><strong>P\u00e1ginas \/ Tamanho:<\/strong> 325 \/ A5<\/p>\n<p><em>&nbsp;<\/em><\/p>\n<p>[button type=&#8221;info&#8221; target=&#8221;_blank&#8221; link=&#8221;http:\/\/www.cambridgescholars.com\/popular-and-visual-culture&#8221; icon=&#8221;info-sign&#8221;]Clique aqui para saber mais[\/button]<\/p>\n<p>&nbsp;<\/p>\n<p>\n<object data=\"https:\/\/www.iscap.pt\/streeartcei\/wp-content\/uploads\/2017\/11\/PopularandVisualCultureSample.pdf\" type=\"application\/pdf\" width=\"80%\" height=\"650\"><\/object>\n<\/p>\n<p><!--\n\n<div id=\"pdf\">\n\n \n<object data=\"https:\/\/www.iscap.pt\/streeartcei\/wp-content\/uploads\/2017\/11\/PopularandVisualCultureSample.pdf\" type=\"application\/pdf\" width=\"80%\" height=\"650\" id=\"pdf_content\" style=\"pointer-events: none;\">\n \n<p>Insert your error message here, if the PDF cannot be displayed.<\/p>\n \n<\/object>\n<\/div>\n\n--><\/p>\n<p>&nbsp;<\/p>\n<p>&nbsp;<\/p>\n<table style=\"width: 100%; float: left;\">\n<tbody>\n<tr>\n<td style=\"text-align: left; vertical-align: top;\">\n<p>T\u00edtulo:<span style=\"color: #fe4501;\"><strong>&nbsp;<span style=\"font-size: 12pt;\">Arte urbana enquanto patrim\u00f3nio das cidades<\/span><\/strong><\/span><\/p>\n<p style=\"text-align: justify;\">Autor: <strong>Ricardo Campos<\/strong> \u2013 CICS.Nova, FCSH\/UNLisboa; Rede Luso-Brasileira de Pesquisa em Artes e Interven\u00e7\u00f5es Urbanas (R.A.I.U.) and CEI, P.Porto.<\/p>\n<\/td>\n<\/tr>\n<\/tbody>\n<\/table>\n<p>\n<object data=\"https:\/\/www.iscap.pt\/streeartcei\/wp-content\/uploads\/2017\/11\/01Arte-urbana-textp-porto-patrimonio-das-cidades.pdf\" type=\"application\/pdf\" width=\"80%\" height=\"650\"><\/object>\n<\/p>\n<p><!--\n\n<div id=\"pdf\">\n<object data=\"https:\/\/www.iscap.pt\/streeartcei\/wp-content\/uploads\/2017\/11\/01Arte-urbana-textp-porto-patrimonio-das-cidades.pdf\" type=\"application\/pdf\" width=\"80%\" height=\"650\" id=\"pdf_content\" style=\"pointer-events: none;\">\n \n<p>Insert your error message here, if the PDF cannot be displayed.<\/p>\n \n<\/object>\n<\/div>\n\n--><\/p>\n<p>&nbsp;<\/p>\n<table style=\"width: 100%; float: left;\">\n<tbody>\n<tr>\n<td style=\"text-align: left; vertical-align: top;\">\n<p>T\u00edtulo:<span style=\"color: #fe4501;\"><strong>&nbsp;<span style=\"font-size: 12pt;\">Do subterr\u00e2neo ao tur\u00edstico: Representa\u00e7\u00f5es e apropria\u00e7\u00f5es da arte urbana<\/span><\/strong><\/span><\/p>\n<p style=\"text-align: justify;\">Autor: <strong>\u00c1gata Sequeira<\/strong> \u2013 CICS.NOVA, FCSH\/UNLisboa.<\/p>\n<\/td>\n<\/tr>\n<\/tbody>\n<\/table>\n<p>\n<object data=\"https:\/\/www.iscap.pt\/streeartcei\/wp-content\/uploads\/2017\/11\/02_subterraneo-turistico-agata-sequeira.pdf\" type=\"application\/pdf\" width=\"80%\" height=\"650\"><\/object>\n<\/p>\n<p><!--\n\n<div id=\"pdf\">\n<object data=\"https:\/\/www.iscap.pt\/streeartcei\/wp-content\/uploads\/2017\/11\/02_subterraneo-turistico-agata-sequeira.pdf\" type=\"application\/pdf\" width=\"80%\" height=\"650\" id=\"pdf_content\" style=\"pointer-events: none;\">\n \n<p>Insert your error message here, if the PDF cannot be displayed.<\/p>\n \n<\/object>--><\/p>\n<p>&nbsp;<\/p>\n<p>&nbsp;<\/p>\n<table style=\"width: 100%; float: left;\">\n<tbody>\n<tr>\n<td style=\"text-align: left; vertical-align: top;\">\n<p>T\u00edtulo:<span style=\"color: #fe4501;\"><strong>&nbsp;<span style=\"font-size: 12pt;\">\u201cFilling the gap\u201d &#8211; Um projeto social de graffiti e street art no Grande Porto <\/span><\/strong><em><span style=\"font-size: 10pt;\"><span style=\"color: #000000;\">(Disserta\u00e7\u00e3o de Mestrado)<\/span><\/span><\/em><\/span><\/p>\n<p style=\"text-align: justify;\">Autor: <strong>Maria Lu\u00edsa Pinto da Fonseca Silva<\/strong> \u2013 Centro de Estudos Interculturais, Polit\u00e9cnico do Porto.<\/p>\n<\/td>\n<\/tr>\n<\/tbody>\n<\/table>\n<p>\n<object data=\"https:\/\/www.iscap.pt\/streeartcei\/wp-content\/uploads\/2017\/11\/luisa_silva_MISB_2018_CEI.pdf\" type=\"application\/pdf\" width=\"80%\" height=\"650\"><\/object>\n<\/p>\n<p>&nbsp;<\/p>\n<p>&nbsp;<\/p>\n<table style=\"width: 100%; float: left;\">\n<tbody>\n<tr>\n<td style=\"text-align: left; vertical-align: top;\">\n<p>T\u00edtulo:<span style=\"color: #fe4501;\"><strong>&nbsp;<span style=\"font-size: 12pt;\">\u201cGraffiti e <em>street art<\/em>: manifesta\u00e7\u00f5es est\u00e9ticas no Grande Porto<\/span><\/strong><\/span><\/p>\n<p style=\"text-align: justify;\">Autor: <strong>Maria Lu\u00edsa Pinto da Fonseca Silva<\/strong> \u2013 Centro de Estudos Interculturais, Polit\u00e9cnico do Porto.<\/p>\n<\/td>\n<\/tr>\n<\/tbody>\n<\/table>\n<p>\n<object data=\"https:\/\/www.iscap.pt\/streeartcei\/wp-content\/uploads\/2017\/11\/Luisa_Sensos-E.pdf\" type=\"application\/pdf\" width=\"80%\" height=\"650\"><\/object><\/p>","protected":false},"excerpt":{"rendered":"<p>&nbsp; T\u00edtulo:&nbsp;\u201cGraffiti e street art: Revela\u00e7\u00f5es est\u00e9tica durante a Pandemia. O Projeto Street Art Against COVID Autor: Maria Lu\u00edsa Pinto da Fonseca Silva \u2013 Centro de Estudos Interculturais, Polit\u00e9cnico do Porto. E-REI: https:\/\/www.iscap.pt\/cei\/e-rei\/pt\/n9vol1.html DOI: https:\/\/parc.ipp.pt\/index.php\/e-rei\/issue\/view\/166E-REI &#8211; E-Revista de Estudos Interculturais, vol. 9, n\u00ba 1, Maio 2021. ISSN 2183-3869, ISSN 2182-6439. Indexada na Latindex, RCAAP, ERIHPLUS, &hellip; <a href=\"https:\/\/streetartcei.com\/en\/investigacao\/\" class=\"more-link\">Continue reading<span class=\"screen-reader-text\"> &#8220;Investiga\u00e7\u00e3o&#8221;<\/span><\/a><\/p>","protected":false},"author":1,"featured_media":130,"parent":0,"menu_order":2,"comment_status":"closed","ping_status":"closed","template":"","meta":{"_monsterinsights_skip_tracking":false,"_monsterinsights_sitenote_active":false,"_monsterinsights_sitenote_note":"","_monsterinsights_sitenote_category":0,"footnotes":""},"class_list":["post-136","page","type-page","status-publish","has-post-thumbnail","hentry"],"jetpack_sharing_enabled":true,"_links":{"self":[{"href":"https:\/\/streetartcei.com\/en\/wp-json\/wp\/v2\/pages\/136","targetHints":{"allow":["GET"]}}],"collection":[{"href":"https:\/\/streetartcei.com\/en\/wp-json\/wp\/v2\/pages"}],"about":[{"href":"https:\/\/streetartcei.com\/en\/wp-json\/wp\/v2\/types\/page"}],"author":[{"embeddable":true,"href":"https:\/\/streetartcei.com\/en\/wp-json\/wp\/v2\/users\/1"}],"replies":[{"embeddable":true,"href":"https:\/\/streetartcei.com\/en\/wp-json\/wp\/v2\/comments?post=136"}],"version-history":[{"count":2,"href":"https:\/\/streetartcei.com\/en\/wp-json\/wp\/v2\/pages\/136\/revisions"}],"predecessor-version":[{"id":9087,"href":"https:\/\/streetartcei.com\/en\/wp-json\/wp\/v2\/pages\/136\/revisions\/9087"}],"wp:featuredmedia":[{"embeddable":true,"href":"https:\/\/streetartcei.com\/en\/wp-json\/wp\/v2\/media\/130"}],"wp:attachment":[{"href":"https:\/\/streetartcei.com\/en\/wp-json\/wp\/v2\/media?parent=136"}],"curies":[{"name":"wp","href":"https:\/\/api.w.org\/{rel}","templated":true}]}}